{"id":2282,"date":"2019-06-04T11:37:43","date_gmt":"2019-06-04T09:37:43","guid":{"rendered":"http:\/\/dev.fhochdrei.org\/?post_type=fhochdrei_events&#038;p=2282"},"modified":"2019-06-12T11:03:46","modified_gmt":"2019-06-12T09:03:46","slug":"2282-2","status":"publish","type":"fhochdrei_events","link":"https:\/\/fhochdrei.org\/en\/event\/2282-2\/","title":{"rendered":"FOTO MATINEE"},"content":{"rendered":"<p>In our new event format FOTO MATINEE, journalist <strong>Margit Miosga<\/strong> (rbb-Kulturradio, among others) discusses with her guests, publicist <strong>Barbara Sichtermann<\/strong> and sociologist <strong>Prof. Simone Scherger<\/strong>, the background of our current exhibition <a href=\"https:\/\/fhochdrei.org\/en\/im-unruhestand\/\" target=\"_blank\" rel=\"noopener\"><strong>Im [Un]Ruhestand<\/strong><\/a>.<\/p>\n<p><span lang=\"en\" tabindex=\"0\">The number of older working people in Germany is increasing rapidly. The labor force participation of 60- to 64-year-olds has almost tripled in the last ten years. At the same time, fewer and fewer people will be available to the labor market in the coming years. A retirement age of<\/span><span lang=\"en\" tabindex=\"0\">\u00a069 is currently being discussed.<\/span><\/p>\n<p>For more than seven years L\u00fcbeck-based photographer <strong>Arne Wesenberg\u00a0<\/strong>has been portraying the reality of life of those who \u2013 \u00a0voluntarily or out of economic necessity \u2013 have been working in their old age. <strong>Im [Un]Ruhestand<\/strong> provides in more than 200 portraits individual answers to questions about demographic aging, a functioning pension system and the importance of working in our society.<\/p>\n<p><strong>Margit Miosga<\/strong> is an author, radio journalist and editor. Since 1979 she has been working as a journalist in Berlin, where she mainly works for radio, among others in the editorial department of the ZEITPUNKTE of rbb-Kulturradio.<\/p>\n<p><strong><a href=\"https:\/\/www.socium.uni-bremen.de\/about-the-socium\/members\/simone-scherger\/en\/?\" target=\"_blank\" rel=\"noopener\">Simone Scherger\u00a0<\/a><\/strong>is Professor of Sociology at the University of Bremen at the SOCIUM Research Center for Inequality and Social Policy. From 2010 to 2017 she was head of the Emmy Noether Junior Research Group &#8220;Paid \u00a0work beyond pension age in Germany and the UK&#8221;.<\/p>\n<p><strong><a href=\"http:\/\/www.barbarasichtermann.de\" target=\"_blank\" rel=\"noopener\">Barbara Sichterman\u00a0<\/a><\/strong>is a German publicist and writer. She is regarded as one of the intellectuals of the 1968 generation. Both in essays and in her non-fiction publications, she writes in a very idiosyncratic but undogmatic way about women&#8217;s emancipation and pedagogy, among other things. She works regularly for various media. Until 2015 she was a juror of the Grimme Prize and from 2010 to 2012 a juror of the Hauptstadtkulturfonds.<\/p>\n<p>Free entrance | Donation requested.<\/p>\n<p>The FOTO MATINEE is part of the project XB-Lab, promoted through the model program \u201c<a href=\"https:\/\/utopolis.online\" target=\"_blank\" rel=\"noopener\">Utopolis \u2013 Soziokultur im Quartier<\/a>\u201c as part of the cross-departmental strategy\u00a0Soziale Stadt \u201cNachbarschaften st\u00e4rken, Miteinander im Quartier\u201c\u00a0of the Federal Ministry of the Interior, Building and Community and the Federal Government Commissioner for Culture and the Media.<\/p>\n","protected":false},"excerpt":{"rendered":"<p>In our new event format FOTO MATINEE, journalist Margit Miosga (rbb-Kulturradio, among others) discusses with her guests, publicist Barbara Sichtermann and sociologist Prof. Simone Scherger, the background of our current exhibition Im [Un]Ruhestand. The number of older working people in Germany is increasing rapidly. The labor force participation of 60- to 64-year-olds has almost tripled [&hellip;]<\/p>\n","protected":false},"author":3,"featured_media":2295,"menu_order":465,"template":"","format":"standard","meta":{"_acf_changed":false,"footnotes":""},"class_list":["post-2282","fhochdrei_events","type-fhochdrei_events","status-publish","format-standard","has-post-thumbnail","hentry"],"acf":{"date_from":{"simple_value_formatted":"2019-06-16","value_formatted":"20190616","value":"20190616","field":{"ID":9530,"key":"field_66d8ab05d27d7","label":"Event Date","name":"date_from","aria-label":"","prefix":"acf","type":"date_picker","value":null,"menu_order":0,"instructions":"","required":0,"id":"","class":"","conditional_logic":0,"parent":9529,"wrapper":{"width":"25","class":"","id":""},"wpml_cf_preferences":1,"display_format":"d\/m\/Y","return_format":"Y-m-d","first_day":1,"allow_in_bindings":1,"_name":"date_from","_valid":1}},"date_to":{"simple_value_formatted":null,"value_formatted":null,"value":"","field":{"ID":9531,"key":"field_66d8abb6f5a93","label":"Event End","name":"date_to","aria-label":"","prefix":"acf","type":"date_picker","value":null,"menu_order":1,"instructions":"","required":0,"id":"","class":"","conditional_logic":0,"parent":9529,"wrapper":{"width":"25","class":"","id":""},"wpml_cf_preferences":1,"display_format":"d\/m\/Y","return_format":"Y-m-d","first_day":1,"allow_in_bindings":1,"_name":"date_to","_valid":1}},"time":{"simple_value_formatted":"11:00","value_formatted":"11:00:00","value":"11:00:00","field":{"ID":9532,"key":"field_66d8abe1f5a94","label":"Time","name":"time","aria-label":"","prefix":"acf","type":"time_picker","value":null,"menu_order":2,"instructions":"","required":0,"id":"","class":"","conditional_logic":0,"parent":9529,"wrapper":{"width":"50","class":"","id":""},"wpml_cf_preferences":1,"display_format":"H:i","return_format":"H:i","allow_in_bindings":1,"_name":"time","_valid":1}}},"mb":[],"yoast_head":"<!-- This site is optimized with the Yoast SEO plugin v24.9 - https:\/\/yoast.com\/wordpress\/plugins\/seo\/ -->\n<title>FOTO MATINEE | fhochdrei<\/title>\n<meta name=\"robots\" content=\"index, follow, max-snippet:-1, max-image-preview:large, max-video-preview:-1\" \/>\n<link rel=\"canonical\" href=\"https:\/\/fhochdrei.org\/en\/event\/2282-2\/\" \/>\n<meta property=\"og:locale\" content=\"en_US\" \/>\n<meta property=\"og:type\" content=\"article\" \/>\n<meta property=\"og:title\" content=\"FOTO MATINEE | fhochdrei\" \/>\n<meta property=\"og:description\" content=\"In our new event format FOTO MATINEE, journalist Margit Miosga (rbb-Kulturradio, among others) discusses with her guests, publicist Barbara Sichtermann and sociologist Prof. Simone Scherger, the background of our current exhibition Im [Un]Ruhestand. The number of older working people in Germany is increasing rapidly. The labor force participation of 60- to 64-year-olds has almost tripled [&hellip;]\" \/>\n<meta property=\"og:url\" content=\"https:\/\/fhochdrei.org\/en\/event\/2282-2\/\" \/>\n<meta property=\"og:site_name\" content=\"fhochdrei\" \/>\n<meta property=\"article:publisher\" content=\"https:\/\/www.facebook.com\/fhochdrei\/\" \/>\n<meta property=\"article:modified_time\" content=\"2019-06-12T09:03:46+00:00\" \/>\n<meta property=\"og:image\" content=\"https:\/\/fhochdrei.org\/wp-content\/uploads\/2019\/06\/Margit_Miosga-FotoMatinee_small.jpg\" \/>\n\t<meta property=\"og:image:width\" content=\"1295\" \/>\n\t<meta property=\"og:image:height\" content=\"886\" \/>\n\t<meta property=\"og:image:type\" content=\"image\/jpeg\" \/>\n<meta name=\"twitter:card\" content=\"summary_large_image\" \/>\n<meta name=\"twitter:label1\" content=\"Est. reading time\" \/>\n\t<meta name=\"twitter:data1\" content=\"2 minutes\" \/>\n<script type=\"application\/ld+json\" class=\"yoast-schema-graph\">{\"@context\":\"https:\/\/schema.org\",\"@graph\":[{\"@type\":\"WebPage\",\"@id\":\"https:\/\/fhochdrei.org\/en\/event\/2282-2\/\",\"url\":\"https:\/\/fhochdrei.org\/en\/event\/2282-2\/\",\"name\":\"FOTO MATINEE | fhochdrei\",\"isPartOf\":{\"@id\":\"https:\/\/fhochdrei.org\/en\/#website\"},\"primaryImageOfPage\":{\"@id\":\"https:\/\/fhochdrei.org\/en\/event\/2282-2\/#primaryimage\"},\"image\":{\"@id\":\"https:\/\/fhochdrei.org\/en\/event\/2282-2\/#primaryimage\"},\"thumbnailUrl\":\"https:\/\/fhochdrei.org\/wp-content\/uploads\/2019\/06\/Margit_Miosga-FotoMatinee_small.jpg\",\"datePublished\":\"2019-06-04T09:37:43+00:00\",\"dateModified\":\"2019-06-12T09:03:46+00:00\",\"breadcrumb\":{\"@id\":\"https:\/\/fhochdrei.org\/en\/event\/2282-2\/#breadcrumb\"},\"inLanguage\":\"en-US\",\"potentialAction\":[{\"@type\":\"ReadAction\",\"target\":[\"https:\/\/fhochdrei.org\/en\/event\/2282-2\/\"]}]},{\"@type\":\"ImageObject\",\"inLanguage\":\"en-US\",\"@id\":\"https:\/\/fhochdrei.org\/en\/event\/2282-2\/#primaryimage\",\"url\":\"https:\/\/fhochdrei.org\/wp-content\/uploads\/2019\/06\/Margit_Miosga-FotoMatinee_small.jpg\",\"contentUrl\":\"https:\/\/fhochdrei.org\/wp-content\/uploads\/2019\/06\/Margit_Miosga-FotoMatinee_small.jpg\",\"width\":1295,\"height\":886,\"caption\":\"FOTO MATINEE \u2013 Die Journalistin MARGIT MIOSGA (u.a. rbb-Kulturradio) diskutiert mit ihren G\u00e4sten \u00fcber die Hintergr\u00fcnde unserer aktuellen Ausstellung.\"},{\"@type\":\"BreadcrumbList\",\"@id\":\"https:\/\/fhochdrei.org\/en\/event\/2282-2\/#breadcrumb\",\"itemListElement\":[{\"@type\":\"ListItem\",\"position\":1,\"name\":\"Startseite\",\"item\":\"https:\/\/fhochdrei.org\/en\/\"},{\"@type\":\"ListItem\",\"position\":2,\"name\":\"Events\",\"item\":\"https:\/\/fhochdrei.org\/en\/event\/\"},{\"@type\":\"ListItem\",\"position\":3,\"name\":\"FOTO MATINEE\"}]},{\"@type\":\"WebSite\",\"@id\":\"https:\/\/fhochdrei.org\/en\/#website\",\"url\":\"https:\/\/fhochdrei.org\/en\/\",\"name\":\"fhochdrei\",\"description\":\"freiraum f\u00fcr fotografie\",\"publisher\":{\"@id\":\"https:\/\/fhochdrei.org\/en\/#organization\"},\"potentialAction\":[{\"@type\":\"SearchAction\",\"target\":{\"@type\":\"EntryPoint\",\"urlTemplate\":\"https:\/\/fhochdrei.org\/en\/?s={search_term_string}\"},\"query-input\":{\"@type\":\"PropertyValueSpecification\",\"valueRequired\":true,\"valueName\":\"search_term_string\"}}],\"inLanguage\":\"en-US\"},{\"@type\":\"Organization\",\"@id\":\"https:\/\/fhochdrei.org\/en\/#organization\",\"name\":\"fhochdrei\",\"url\":\"https:\/\/fhochdrei.org\/en\/\",\"logo\":{\"@type\":\"ImageObject\",\"inLanguage\":\"en-US\",\"@id\":\"https:\/\/fhochdrei.org\/en\/#\/schema\/logo\/image\/\",\"url\":\"https:\/\/fhochdrei.org\/wp-content\/uploads\/2017\/05\/logo.png\",\"contentUrl\":\"https:\/\/fhochdrei.org\/wp-content\/uploads\/2017\/05\/logo.png\",\"width\":1400,\"height\":798,\"caption\":\"fhochdrei\"},\"image\":{\"@id\":\"https:\/\/fhochdrei.org\/en\/#\/schema\/logo\/image\/\"},\"sameAs\":[\"https:\/\/www.facebook.com\/fhochdrei\/\"]}]}<\/script>\n<!-- \/ Yoast SEO plugin. -->","yoast_head_json":{"title":"FOTO MATINEE | fhochdrei","robots":{"index":"index","follow":"follow","max-snippet":"max-snippet:-1","max-image-preview":"max-image-preview:large","max-video-preview":"max-video-preview:-1"},"canonical":"https:\/\/fhochdrei.org\/en\/event\/2282-2\/","og_locale":"en_US","og_type":"article","og_title":"FOTO MATINEE | fhochdrei","og_description":"In our new event format FOTO MATINEE, journalist Margit Miosga (rbb-Kulturradio, among others) discusses with her guests, publicist Barbara Sichtermann and sociologist Prof. Simone Scherger, the background of our current exhibition Im [Un]Ruhestand. The number of older working people in Germany is increasing rapidly. The labor force participation of 60- to 64-year-olds has almost tripled [&hellip;]","og_url":"https:\/\/fhochdrei.org\/en\/event\/2282-2\/","og_site_name":"fhochdrei","article_publisher":"https:\/\/www.facebook.com\/fhochdrei\/","article_modified_time":"2019-06-12T09:03:46+00:00","og_image":[{"width":1295,"height":886,"url":"https:\/\/fhochdrei.org\/wp-content\/uploads\/2019\/06\/Margit_Miosga-FotoMatinee_small.jpg","type":"image\/jpeg"}],"twitter_card":"summary_large_image","twitter_misc":{"Est. reading time":"2 minutes"},"schema":{"@context":"https:\/\/schema.org","@graph":[{"@type":"WebPage","@id":"https:\/\/fhochdrei.org\/en\/event\/2282-2\/","url":"https:\/\/fhochdrei.org\/en\/event\/2282-2\/","name":"FOTO MATINEE | fhochdrei","isPartOf":{"@id":"https:\/\/fhochdrei.org\/en\/#website"},"primaryImageOfPage":{"@id":"https:\/\/fhochdrei.org\/en\/event\/2282-2\/#primaryimage"},"image":{"@id":"https:\/\/fhochdrei.org\/en\/event\/2282-2\/#primaryimage"},"thumbnailUrl":"https:\/\/fhochdrei.org\/wp-content\/uploads\/2019\/06\/Margit_Miosga-FotoMatinee_small.jpg","datePublished":"2019-06-04T09:37:43+00:00","dateModified":"2019-06-12T09:03:46+00:00","breadcrumb":{"@id":"https:\/\/fhochdrei.org\/en\/event\/2282-2\/#breadcrumb"},"inLanguage":"en-US","potentialAction":[{"@type":"ReadAction","target":["https:\/\/fhochdrei.org\/en\/event\/2282-2\/"]}]},{"@type":"ImageObject","inLanguage":"en-US","@id":"https:\/\/fhochdrei.org\/en\/event\/2282-2\/#primaryimage","url":"https:\/\/fhochdrei.org\/wp-content\/uploads\/2019\/06\/Margit_Miosga-FotoMatinee_small.jpg","contentUrl":"https:\/\/fhochdrei.org\/wp-content\/uploads\/2019\/06\/Margit_Miosga-FotoMatinee_small.jpg","width":1295,"height":886,"caption":"FOTO MATINEE \u2013 Die Journalistin MARGIT MIOSGA (u.a. rbb-Kulturradio) diskutiert mit ihren G\u00e4sten \u00fcber die Hintergr\u00fcnde unserer aktuellen Ausstellung."},{"@type":"BreadcrumbList","@id":"https:\/\/fhochdrei.org\/en\/event\/2282-2\/#breadcrumb","itemListElement":[{"@type":"ListItem","position":1,"name":"Startseite","item":"https:\/\/fhochdrei.org\/en\/"},{"@type":"ListItem","position":2,"name":"Events","item":"https:\/\/fhochdrei.org\/en\/event\/"},{"@type":"ListItem","position":3,"name":"FOTO MATINEE"}]},{"@type":"WebSite","@id":"https:\/\/fhochdrei.org\/en\/#website","url":"https:\/\/fhochdrei.org\/en\/","name":"fhochdrei","description":"freiraum f\u00fcr fotografie","publisher":{"@id":"https:\/\/fhochdrei.org\/en\/#organization"},"potentialAction":[{"@type":"SearchAction","target":{"@type":"EntryPoint","urlTemplate":"https:\/\/fhochdrei.org\/en\/?s={search_term_string}"},"query-input":{"@type":"PropertyValueSpecification","valueRequired":true,"valueName":"search_term_string"}}],"inLanguage":"en-US"},{"@type":"Organization","@id":"https:\/\/fhochdrei.org\/en\/#organization","name":"fhochdrei","url":"https:\/\/fhochdrei.org\/en\/","logo":{"@type":"ImageObject","inLanguage":"en-US","@id":"https:\/\/fhochdrei.org\/en\/#\/schema\/logo\/image\/","url":"https:\/\/fhochdrei.org\/wp-content\/uploads\/2017\/05\/logo.png","contentUrl":"https:\/\/fhochdrei.org\/wp-content\/uploads\/2017\/05\/logo.png","width":1400,"height":798,"caption":"fhochdrei"},"image":{"@id":"https:\/\/fhochdrei.org\/en\/#\/schema\/logo\/image\/"},"sameAs":["https:\/\/www.facebook.com\/fhochdrei\/"]}]}},"mfb_rest_fields":["title","yoast_head","yoast_head_json"],"_links":{"self":[{"href":"https:\/\/fhochdrei.org\/en\/wp-json\/wp\/v2\/fhochdrei_events\/2282","targetHints":{"allow":["GET"]}}],"collection":[{"href":"https:\/\/fhochdrei.org\/en\/wp-json\/wp\/v2\/fhochdrei_events"}],"about":[{"href":"https:\/\/fhochdrei.org\/en\/wp-json\/wp\/v2\/types\/fhochdrei_events"}],"author":[{"embeddable":true,"href":"https:\/\/fhochdrei.org\/en\/wp-json\/wp\/v2\/users\/3"}],"version-history":[{"count":0,"href":"https:\/\/fhochdrei.org\/en\/wp-json\/wp\/v2\/fhochdrei_events\/2282\/revisions"}],"wp:featuredmedia":[{"embeddable":true,"href":"https:\/\/fhochdrei.org\/en\/wp-json\/wp\/v2\/media\/2295"}],"wp:attachment":[{"href":"https:\/\/fhochdrei.org\/en\/wp-json\/wp\/v2\/media?parent=2282"}],"curies":[{"name":"wp","href":"https:\/\/api.w.org\/{rel}","templated":true}]}}