{"id":1419,"date":"2018-05-30T11:56:08","date_gmt":"2018-05-30T09:56:08","guid":{"rendered":"http:\/\/dev.fhochdrei.org\/?post_type=fhochdrei_events&#038;p=1419"},"modified":"2018-08-13T13:36:59","modified_gmt":"2018-08-13T11:36:59","slug":"opening-am","status":"publish","type":"fhochdrei_events","link":"https:\/\/fhochdrei.org\/en\/event\/opening-am\/","title":{"rendered":"Opening: AM"},"content":{"rendered":"<p>A warm invitation to the opening of the exhibition AM by Andreas Herzau on <strong>Friday, the 14th of September 2018 at 7 pm<\/strong> !<\/p>\n<p>Introduction: <strong>Katharina Mouratidi<\/strong>, Artistic Director f3 \u2013 freiraum f\u00fcr fotografie in discussion with <strong>Andreas Herzau<\/strong>, photographer.<\/p>\n<p>The new series\u00a0<strong>AM<\/strong>\u00a0by <strong>Andreas Herzau<\/strong> uses Angela Merkel as an example to examine the relationship between politics and the public as well as the representation of female power. Andreas Herzau accompanied the CDU chairman and German Chancellor Dr. Angela Merkel for years at public performances for his photographic investigation.\u00a0AM\u00a0shows the theatre, the absurdities and realities of political life, the loneliness, the struggle, the power and the injuries that politics brings with it as a profession.<\/p>\n<p><a href=\"https:\/\/fhochdrei.org\/en\/am\/\">Here<\/a>\u00a0you find more information about the exhibition.<\/p>\n","protected":false},"excerpt":{"rendered":"<p>A warm invitation to the opening of the exhibition AM by Andreas Herzau on Friday, the 14th of September 2018 at 7 pm ! Introduction: Katharina Mouratidi, Artistic Director f3 \u2013 freiraum f\u00fcr fotografie in discussion with Andreas Herzau, photographer. The new series\u00a0AM\u00a0by Andreas Herzau uses Angela Merkel as an example to examine the relationship [&hellip;]<\/p>\n","protected":false},"author":3,"featured_media":1403,"menu_order":510,"template":"","format":"standard","meta":{"_acf_changed":false,"footnotes":""},"class_list":["post-1419","fhochdrei_events","type-fhochdrei_events","status-publish","format-standard","has-post-thumbnail","hentry"],"acf":{"date_from":{"simple_value_formatted":"2018-09-14","value_formatted":"20180914","value":"20180914","field":{"ID":9530,"key":"field_66d8ab05d27d7","label":"Event Date","name":"date_from","aria-label":"","prefix":"acf","type":"date_picker","value":null,"menu_order":0,"instructions":"","required":0,"id":"","class":"","conditional_logic":0,"parent":9529,"wrapper":{"width":"25","class":"","id":""},"wpml_cf_preferences":1,"display_format":"d\/m\/Y","return_format":"Y-m-d","first_day":1,"allow_in_bindings":1,"_name":"date_from","_valid":1}},"date_to":{"simple_value_formatted":null,"value_formatted":null,"value":"","field":{"ID":9531,"key":"field_66d8abb6f5a93","label":"Event End","name":"date_to","aria-label":"","prefix":"acf","type":"date_picker","value":null,"menu_order":1,"instructions":"","required":0,"id":"","class":"","conditional_logic":0,"parent":9529,"wrapper":{"width":"25","class":"","id":""},"wpml_cf_preferences":1,"display_format":"d\/m\/Y","return_format":"Y-m-d","first_day":1,"allow_in_bindings":1,"_name":"date_to","_valid":1}},"time":{"simple_value_formatted":"19:00","value_formatted":"19:00:00","value":"19:00:00","field":{"ID":9532,"key":"field_66d8abe1f5a94","label":"Time","name":"time","aria-label":"","prefix":"acf","type":"time_picker","value":null,"menu_order":2,"instructions":"","required":0,"id":"","class":"","conditional_logic":0,"parent":9529,"wrapper":{"width":"50","class":"","id":""},"wpml_cf_preferences":1,"display_format":"H:i","return_format":"H:i","allow_in_bindings":1,"_name":"time","_valid":1}}},"mb":[],"yoast_head":"<!-- This site is optimized with the Yoast SEO plugin v24.9 - https:\/\/yoast.com\/wordpress\/plugins\/seo\/ -->\n<title>Opening: AM | fhochdrei<\/title>\n<meta name=\"robots\" content=\"index, follow, max-snippet:-1, max-image-preview:large, max-video-preview:-1\" \/>\n<link rel=\"canonical\" href=\"https:\/\/fhochdrei.org\/en\/event\/opening-am\/\" \/>\n<meta property=\"og:locale\" content=\"en_US\" \/>\n<meta property=\"og:type\" content=\"article\" \/>\n<meta property=\"og:title\" content=\"Opening: AM | fhochdrei\" \/>\n<meta property=\"og:description\" content=\"A warm invitation to the opening of the exhibition AM by Andreas Herzau on Friday, the 14th of September 2018 at 7 pm ! Introduction: Katharina Mouratidi, Artistic Director f3 \u2013 freiraum f\u00fcr fotografie in discussion with Andreas Herzau, photographer. The new series\u00a0AM\u00a0by Andreas Herzau uses Angela Merkel as an example to examine the relationship [&hellip;]\" \/>\n<meta property=\"og:url\" content=\"https:\/\/fhochdrei.org\/en\/event\/opening-am\/\" \/>\n<meta property=\"og:site_name\" content=\"fhochdrei\" \/>\n<meta property=\"article:publisher\" content=\"https:\/\/www.facebook.com\/fhochdrei\/\" \/>\n<meta property=\"article:modified_time\" content=\"2018-08-13T11:36:59+00:00\" \/>\n<meta property=\"og:image\" content=\"https:\/\/fhochdrei.org\/wp-content\/uploads\/2018\/05\/Andreas_Herzau_AM_GFHF_2018_Presse-7.jpg\" \/>\n\t<meta property=\"og:image:width\" content=\"3543\" \/>\n\t<meta property=\"og:image:height\" content=\"2362\" \/>\n\t<meta property=\"og:image:type\" content=\"image\/jpeg\" \/>\n<meta name=\"twitter:card\" content=\"summary_large_image\" \/>\n<meta name=\"twitter:label1\" content=\"Est. reading time\" \/>\n\t<meta name=\"twitter:data1\" content=\"1 minute\" \/>\n<script type=\"application\/ld+json\" class=\"yoast-schema-graph\">{\"@context\":\"https:\/\/schema.org\",\"@graph\":[{\"@type\":\"WebPage\",\"@id\":\"https:\/\/fhochdrei.org\/en\/event\/opening-am\/\",\"url\":\"https:\/\/fhochdrei.org\/en\/event\/opening-am\/\",\"name\":\"Opening: AM | fhochdrei\",\"isPartOf\":{\"@id\":\"https:\/\/fhochdrei.org\/en\/#website\"},\"primaryImageOfPage\":{\"@id\":\"https:\/\/fhochdrei.org\/en\/event\/opening-am\/#primaryimage\"},\"image\":{\"@id\":\"https:\/\/fhochdrei.org\/en\/event\/opening-am\/#primaryimage\"},\"thumbnailUrl\":\"https:\/\/fhochdrei.org\/wp-content\/uploads\/2018\/05\/Andreas_Herzau_AM_GFHF_2018_Presse-7.jpg\",\"datePublished\":\"2018-05-30T09:56:08+00:00\",\"dateModified\":\"2018-08-13T11:36:59+00:00\",\"breadcrumb\":{\"@id\":\"https:\/\/fhochdrei.org\/en\/event\/opening-am\/#breadcrumb\"},\"inLanguage\":\"en-US\",\"potentialAction\":[{\"@type\":\"ReadAction\",\"target\":[\"https:\/\/fhochdrei.org\/en\/event\/opening-am\/\"]}]},{\"@type\":\"ImageObject\",\"inLanguage\":\"en-US\",\"@id\":\"https:\/\/fhochdrei.org\/en\/event\/opening-am\/#primaryimage\",\"url\":\"https:\/\/fhochdrei.org\/wp-content\/uploads\/2018\/05\/Andreas_Herzau_AM_GFHF_2018_Presse-7.jpg\",\"contentUrl\":\"https:\/\/fhochdrei.org\/wp-content\/uploads\/2018\/05\/Andreas_Herzau_AM_GFHF_2018_Presse-7.jpg\",\"width\":3543,\"height\":2362,\"caption\":\"Andreas Herzau, aus der Serie AM, 2018, Incjet-Print, 90 x 60 cm Ausstellung in der Galerie fhoch3 - Freiraum f\u00fcr Fotografie, Berlin, 12.09. - 25.11.2018 Buch \u201eAM\u201c, 108 Seiten, 57 Dublex-Abbildungen, 27,5 x 20,5 cm, Euro 32, Verlag Nimbus. Kunst und B\u00fccher, CH Die neue Werkserie AM von Andreas Herzau setzt sich am Beispiel Angela Merkel mit dem Verh\u00e4ltnis von Politik und \u00d6ffentlichkeit sowie der Repr\u00e4sentation weiblicher Macht auseinander. F\u00fcr seine fotografische Untersuchung begleitete Andreas Herzau die CDU Vorsitzende und Bundeskanzlerin Dr. Angela Merkel \u00fcber Jahre hinweg bei \u00f6ffentlichen Auftritten. AM zeigt das Theater, die Absurdit\u00e4ten und die Realit\u00e4ten des politischen Betriebs, die Einsamkeit, den Kampf, die Macht und die Verletzungen, die Politik als Beruf mit sich bringen. F\u00fcr seine Arbeit macht sich Herzau das kollektive Bilderwissen \u00fcber eine der meistfotografierten Personen auf der politischen B\u00fchne zu Nutze: mit ausschnitthaften und teilweise r\u00e4tselhaft verschl\u00fcsselten Bildern dekonstruiert er Rituale der \u00f6ffentlichen Selbstinszenierung und bringt dadurch unerwartete Details zum Sprechen. Dem inflation\u00e4ren Ma\u00df an Bildern von Angela Merkel setzt Andreas Herzau mit seinen schwarz-wei\u00df Aufnahmen den Versuch entgegen, einer der einflussreichsten Pers\u00f6nlichkeiten unserer Gegenwart visuell gerecht zu werden.\"},{\"@type\":\"BreadcrumbList\",\"@id\":\"https:\/\/fhochdrei.org\/en\/event\/opening-am\/#breadcrumb\",\"itemListElement\":[{\"@type\":\"ListItem\",\"position\":1,\"name\":\"Startseite\",\"item\":\"https:\/\/fhochdrei.org\/en\/\"},{\"@type\":\"ListItem\",\"position\":2,\"name\":\"Events\",\"item\":\"https:\/\/fhochdrei.org\/en\/event\/\"},{\"@type\":\"ListItem\",\"position\":3,\"name\":\"Opening: AM\"}]},{\"@type\":\"WebSite\",\"@id\":\"https:\/\/fhochdrei.org\/en\/#website\",\"url\":\"https:\/\/fhochdrei.org\/en\/\",\"name\":\"fhochdrei\",\"description\":\"freiraum f\u00fcr fotografie\",\"publisher\":{\"@id\":\"https:\/\/fhochdrei.org\/en\/#organization\"},\"potentialAction\":[{\"@type\":\"SearchAction\",\"target\":{\"@type\":\"EntryPoint\",\"urlTemplate\":\"https:\/\/fhochdrei.org\/en\/?s={search_term_string}\"},\"query-input\":{\"@type\":\"PropertyValueSpecification\",\"valueRequired\":true,\"valueName\":\"search_term_string\"}}],\"inLanguage\":\"en-US\"},{\"@type\":\"Organization\",\"@id\":\"https:\/\/fhochdrei.org\/en\/#organization\",\"name\":\"fhochdrei\",\"url\":\"https:\/\/fhochdrei.org\/en\/\",\"logo\":{\"@type\":\"ImageObject\",\"inLanguage\":\"en-US\",\"@id\":\"https:\/\/fhochdrei.org\/en\/#\/schema\/logo\/image\/\",\"url\":\"https:\/\/fhochdrei.org\/wp-content\/uploads\/2017\/05\/logo.png\",\"contentUrl\":\"https:\/\/fhochdrei.org\/wp-content\/uploads\/2017\/05\/logo.png\",\"width\":1400,\"height\":798,\"caption\":\"fhochdrei\"},\"image\":{\"@id\":\"https:\/\/fhochdrei.org\/en\/#\/schema\/logo\/image\/\"},\"sameAs\":[\"https:\/\/www.facebook.com\/fhochdrei\/\"]}]}<\/script>\n<!-- \/ Yoast SEO plugin. -->","yoast_head_json":{"title":"Opening: AM | fhochdrei","robots":{"index":"index","follow":"follow","max-snippet":"max-snippet:-1","max-image-preview":"max-image-preview:large","max-video-preview":"max-video-preview:-1"},"canonical":"https:\/\/fhochdrei.org\/en\/event\/opening-am\/","og_locale":"en_US","og_type":"article","og_title":"Opening: AM | fhochdrei","og_description":"A warm invitation to the opening of the exhibition AM by Andreas Herzau on Friday, the 14th of September 2018 at 7 pm ! Introduction: Katharina Mouratidi, Artistic Director f3 \u2013 freiraum f\u00fcr fotografie in discussion with Andreas Herzau, photographer. The new series\u00a0AM\u00a0by Andreas Herzau uses Angela Merkel as an example to examine the relationship [&hellip;]","og_url":"https:\/\/fhochdrei.org\/en\/event\/opening-am\/","og_site_name":"fhochdrei","article_publisher":"https:\/\/www.facebook.com\/fhochdrei\/","article_modified_time":"2018-08-13T11:36:59+00:00","og_image":[{"width":3543,"height":2362,"url":"https:\/\/fhochdrei.org\/wp-content\/uploads\/2018\/05\/Andreas_Herzau_AM_GFHF_2018_Presse-7.jpg","type":"image\/jpeg"}],"twitter_card":"summary_large_image","twitter_misc":{"Est. reading time":"1 minute"},"schema":{"@context":"https:\/\/schema.org","@graph":[{"@type":"WebPage","@id":"https:\/\/fhochdrei.org\/en\/event\/opening-am\/","url":"https:\/\/fhochdrei.org\/en\/event\/opening-am\/","name":"Opening: AM | fhochdrei","isPartOf":{"@id":"https:\/\/fhochdrei.org\/en\/#website"},"primaryImageOfPage":{"@id":"https:\/\/fhochdrei.org\/en\/event\/opening-am\/#primaryimage"},"image":{"@id":"https:\/\/fhochdrei.org\/en\/event\/opening-am\/#primaryimage"},"thumbnailUrl":"https:\/\/fhochdrei.org\/wp-content\/uploads\/2018\/05\/Andreas_Herzau_AM_GFHF_2018_Presse-7.jpg","datePublished":"2018-05-30T09:56:08+00:00","dateModified":"2018-08-13T11:36:59+00:00","breadcrumb":{"@id":"https:\/\/fhochdrei.org\/en\/event\/opening-am\/#breadcrumb"},"inLanguage":"en-US","potentialAction":[{"@type":"ReadAction","target":["https:\/\/fhochdrei.org\/en\/event\/opening-am\/"]}]},{"@type":"ImageObject","inLanguage":"en-US","@id":"https:\/\/fhochdrei.org\/en\/event\/opening-am\/#primaryimage","url":"https:\/\/fhochdrei.org\/wp-content\/uploads\/2018\/05\/Andreas_Herzau_AM_GFHF_2018_Presse-7.jpg","contentUrl":"https:\/\/fhochdrei.org\/wp-content\/uploads\/2018\/05\/Andreas_Herzau_AM_GFHF_2018_Presse-7.jpg","width":3543,"height":2362,"caption":"Andreas Herzau, aus der Serie AM, 2018, Incjet-Print, 90 x 60 cm Ausstellung in der Galerie fhoch3 - Freiraum f\u00fcr Fotografie, Berlin, 12.09. - 25.11.2018 Buch \u201eAM\u201c, 108 Seiten, 57 Dublex-Abbildungen, 27,5 x 20,5 cm, Euro 32, Verlag Nimbus. Kunst und B\u00fccher, CH Die neue Werkserie AM von Andreas Herzau setzt sich am Beispiel Angela Merkel mit dem Verh\u00e4ltnis von Politik und \u00d6ffentlichkeit sowie der Repr\u00e4sentation weiblicher Macht auseinander. F\u00fcr seine fotografische Untersuchung begleitete Andreas Herzau die CDU Vorsitzende und Bundeskanzlerin Dr. Angela Merkel \u00fcber Jahre hinweg bei \u00f6ffentlichen Auftritten. AM zeigt das Theater, die Absurdit\u00e4ten und die Realit\u00e4ten des politischen Betriebs, die Einsamkeit, den Kampf, die Macht und die Verletzungen, die Politik als Beruf mit sich bringen. F\u00fcr seine Arbeit macht sich Herzau das kollektive Bilderwissen \u00fcber eine der meistfotografierten Personen auf der politischen B\u00fchne zu Nutze: mit ausschnitthaften und teilweise r\u00e4tselhaft verschl\u00fcsselten Bildern dekonstruiert er Rituale der \u00f6ffentlichen Selbstinszenierung und bringt dadurch unerwartete Details zum Sprechen. Dem inflation\u00e4ren Ma\u00df an Bildern von Angela Merkel setzt Andreas Herzau mit seinen schwarz-wei\u00df Aufnahmen den Versuch entgegen, einer der einflussreichsten Pers\u00f6nlichkeiten unserer Gegenwart visuell gerecht zu werden."},{"@type":"BreadcrumbList","@id":"https:\/\/fhochdrei.org\/en\/event\/opening-am\/#breadcrumb","itemListElement":[{"@type":"ListItem","position":1,"name":"Startseite","item":"https:\/\/fhochdrei.org\/en\/"},{"@type":"ListItem","position":2,"name":"Events","item":"https:\/\/fhochdrei.org\/en\/event\/"},{"@type":"ListItem","position":3,"name":"Opening: AM"}]},{"@type":"WebSite","@id":"https:\/\/fhochdrei.org\/en\/#website","url":"https:\/\/fhochdrei.org\/en\/","name":"fhochdrei","description":"freiraum f\u00fcr fotografie","publisher":{"@id":"https:\/\/fhochdrei.org\/en\/#organization"},"potentialAction":[{"@type":"SearchAction","target":{"@type":"EntryPoint","urlTemplate":"https:\/\/fhochdrei.org\/en\/?s={search_term_string}"},"query-input":{"@type":"PropertyValueSpecification","valueRequired":true,"valueName":"search_term_string"}}],"inLanguage":"en-US"},{"@type":"Organization","@id":"https:\/\/fhochdrei.org\/en\/#organization","name":"fhochdrei","url":"https:\/\/fhochdrei.org\/en\/","logo":{"@type":"ImageObject","inLanguage":"en-US","@id":"https:\/\/fhochdrei.org\/en\/#\/schema\/logo\/image\/","url":"https:\/\/fhochdrei.org\/wp-content\/uploads\/2017\/05\/logo.png","contentUrl":"https:\/\/fhochdrei.org\/wp-content\/uploads\/2017\/05\/logo.png","width":1400,"height":798,"caption":"fhochdrei"},"image":{"@id":"https:\/\/fhochdrei.org\/en\/#\/schema\/logo\/image\/"},"sameAs":["https:\/\/www.facebook.com\/fhochdrei\/"]}]}},"mfb_rest_fields":["title","yoast_head","yoast_head_json"],"_links":{"self":[{"href":"https:\/\/fhochdrei.org\/en\/wp-json\/wp\/v2\/fhochdrei_events\/1419","targetHints":{"allow":["GET"]}}],"collection":[{"href":"https:\/\/fhochdrei.org\/en\/wp-json\/wp\/v2\/fhochdrei_events"}],"about":[{"href":"https:\/\/fhochdrei.org\/en\/wp-json\/wp\/v2\/types\/fhochdrei_events"}],"author":[{"embeddable":true,"href":"https:\/\/fhochdrei.org\/en\/wp-json\/wp\/v2\/users\/3"}],"version-history":[{"count":0,"href":"https:\/\/fhochdrei.org\/en\/wp-json\/wp\/v2\/fhochdrei_events\/1419\/revisions"}],"wp:featuredmedia":[{"embeddable":true,"href":"https:\/\/fhochdrei.org\/en\/wp-json\/wp\/v2\/media\/1403"}],"wp:attachment":[{"href":"https:\/\/fhochdrei.org\/en\/wp-json\/wp\/v2\/media?parent=1419"}],"curies":[{"name":"wp","href":"https:\/\/api.w.org\/{rel}","templated":true}]}}